{"id":1279,"date":"2025-04-16T14:57:55","date_gmt":"2025-04-16T19:57:55","guid":{"rendered":"https:\/\/qualitasas.com\/?page_id=1279"},"modified":"2025-07-11T15:56:05","modified_gmt":"2025-07-11T20:56:05","slug":"preguntas-frecuentes","status":"publish","type":"page","link":"https:\/\/qualitasas.com\/index.php\/preguntas-frecuentes\/","title":{"rendered":"Preguntas Frecuentes"},"content":{"rendered":"\n<h2 class=\"wp-block-gutenverse-heading guten-element guten-6Mc6Rw\"> Preguntas frecuentes<\/h2>\n\n\n\n<div class=\"guten-element gutenverse-text-editor guten-KgaxXi\"><div class=\"text-content-inner\">\n<p class=\"has-text-align-left has-waterlava-eighth-color has-text-color has-normal-font-size\"><strong>Se ofrece aqu\u00ed respuesta a una selecci\u00f3n de las preguntas m\u00e1s frecuentes planteadas por los usuarios<\/strong><\/p>\n<\/div><\/div>\n\n\n\n<div class=\"wp-block-gutenverse-divider guten-element guten-divider guten-GVFiOi\"><div class=\"guten-divider-wrapper\"><div class=\"guten-divider-default guten-divider-line guten-divider-regular\"><\/div><\/div><\/div>\n\n\n\n<h4 class=\"wp-block-gutenverse-heading guten-element guten-g8Zafl\">1. \u00bfQu\u00e9 horarios de atenci\u00f3n manejan? <\/h4>\n\n\n\n<div class=\"guten-element gutenverse-text-editor guten-0iuent\"><div class=\"text-content-inner\">\n<p class=\"has-waterlava-tenth-color has-text-color has-tiny-font-size\">Lunes a Viernes: 7:00 AM &#8211; 7:00 PM<\/p>\n\n\n\n<p class=\"has-tiny-font-size\">S\u00e1bados: 8:00 AM &#8211; 12 M<\/p>\n<\/div><\/div>\n\n\n\n<div class=\"wp-block-gutenverse-divider guten-element guten-divider guten-JtxVMY\"><div class=\"guten-divider-wrapper\"><div class=\"guten-divider-default guten-divider-line guten-divider-regular\"><\/div><\/div><\/div>\n\n\n\n<h4 class=\"wp-block-gutenverse-heading guten-element guten-Gb9gEv\">2. Mi hijo se distrae en clase, no presta atenci\u00f3n, no sigue ordenes \u00bfQu\u00e9 terapias me recomiendan?<\/h4>\n\n\n\n<div class=\"guten-element gutenverse-text-editor guten-dijxoo\"><div class=\"text-content-inner\">\n<p class=\"has-waterlava-tenth-color has-text-color has-tiny-font-size\"> Importante realizar una valoraci\u00f3n a nivel cognitivo y de acuerdo a los resultados mirar si es necesario derivar a otros servicios como Terapia ocupacional. <\/p>\n<\/div><\/div>\n\n\n\n<div class=\"wp-block-gutenverse-divider guten-element guten-divider guten-wtjuco\"><div class=\"guten-divider-wrapper\"><div class=\"guten-divider-default guten-divider-line guten-divider-regular\"><\/div><\/div><\/div>\n\n\n\n<h4 class=\"wp-block-gutenverse-heading guten-element guten-L1ySmD\">3. Mi hijo no responde cuando se le llama por el nombre<\/h4>\n\n\n\n<div class=\"guten-element gutenverse-text-editor guten-WlfAZe\"><div class=\"text-content-inner\">\n<p class=\"has-waterlava-tenth-color has-text-color has-tiny-font-size\">Se deben tener en cuenta varios aspectos, primero si la falta de respuesta se limita solo a su nombre o es generalizada. Segundo descartar que no haya afectaci\u00f3n auditiva es decir perdida o evaluar con m\u00e1s profundidad si se debe a un Trastorno del desarrollo como el Tea <\/p>\n<\/div><\/div>\n\n\n\n<div class=\"wp-block-gutenverse-divider guten-element guten-divider guten-oWKZs6\"><div class=\"guten-divider-wrapper\"><div class=\"guten-divider-default guten-divider-line guten-divider-regular\"><\/div><\/div><\/div>\n\n\n\n<h4 class=\"wp-block-gutenverse-heading guten-element guten-i5yidE\">4. No pronuncia algunas palabras o letras correctamente<\/h4>\n\n\n\n<div class=\"guten-element gutenverse-text-editor guten-q4mDGV\"><div class=\"text-content-inner\">\n<p class=\"has-waterlava-tenth-color has-text-color has-tiny-font-size\">Desde el \u00e1rea de fonoaudiolog\u00eda se eval\u00faan y analizan los factores que puedan estar relacionados con la dificultad en la adquisici\u00f3n del lenguaje, entre ellos anomal\u00edas org\u00e1nicas, nivel de maduraci\u00f3n de acuerdo a la edad, dificultades en la audici\u00f3n o si es necesario hacer un trabajo interdisciplinaria de la mano de otros especialistas. <\/p>\n<\/div><\/div>\n\n\n\n<div class=\"wp-block-gutenverse-divider guten-element guten-divider guten-TlJQux\"><div class=\"guten-divider-wrapper\"><div class=\"guten-divider-default guten-divider-line guten-divider-regular\"><\/div><\/div><\/div>\n\n\n\n<h4 class=\"wp-block-gutenverse-heading guten-element guten-WpQy4w\">5. Mi hijo tartamudea en algunas ocasiones al hablar, a que se puede deber?<\/h4>\n\n\n\n<div class=\"guten-element gutenverse-text-editor guten-bWKYBo\"><div class=\"text-content-inner\">\n<p class=\"has-waterlava-tenth-color has-text-color has-tiny-font-size\">Importante revisar la edad del ni\u00f1o y los factores asociados ya que en algunos casos se debe a indicadores emocionales como la ansiedad, siendo importante realizar valoraci\u00f3n psicol\u00f3gica y en apoyo con fonoaudiolog\u00eda <\/p>\n<\/div><\/div>\n\n\n\n<div class=\"wp-block-gutenverse-divider guten-element guten-divider guten-d0JNjF\"><div class=\"guten-divider-wrapper\"><div class=\"guten-divider-default guten-divider-line guten-divider-regular\"><\/div><\/div><\/div>\n\n\n\n<h4 class=\"wp-block-gutenverse-heading guten-element guten-yXudT0\">6. Mi hijo es agresivo, le pega a los compa\u00f1eros del colegio<\/h4>\n\n\n\n<div class=\"guten-element gutenverse-text-editor guten-bIsAPS\"><div class=\"text-content-inner\">\n<div class=\"guten-element gutenverse-text-editor guten-zg2TmT\"><div class=\"text-content-inner\">\n<p class=\"has-waterlava-tenth-color has-text-color has-tiny-font-size\">Importante determinar las causas. Se recomienda valoraci\u00f3n psicol\u00f3gica para revisar indicadores. De tipo emocional.<\/p>\n<\/div><\/div>\n<\/div><\/div>\n\n\n\n<div class=\"wp-block-gutenverse-divider guten-element guten-divider guten-fPVo6m\"><div class=\"guten-divider-wrapper\"><div class=\"guten-divider-default guten-divider-line guten-divider-regular\"><\/div><\/div><\/div>\n\n\n\n<h4 class=\"wp-block-gutenverse-heading guten-element guten-xiCqDB\">7. Mi hijo tiene bajo rendimiento, su profesor me recomend\u00f3 hacerle un examen para ver si tiene alg\u00fan diagnostico<\/h4>\n\n\n\n<div class=\"guten-element gutenverse-text-editor guten-MkHhQC\"><div class=\"text-content-inner\">\n<div class=\"guten-element gutenverse-text-editor guten-HpGL6A\"><div class=\"text-content-inner\">\n<p class=\"has-waterlava-tenth-color has-text-color has-tiny-font-size\">Importante revisar el historial acad\u00e9mico del ni\u00f1o, es decir si siempre ha presentado dificultades en su proceso de aprendizaje. En este caso importante realizar valoraci\u00f3n a nivel cognitivo.<\/p>\n<\/div><\/div>\n<\/div><\/div>\n\n\n\n<div class=\"wp-block-gutenverse-divider guten-element guten-divider guten-blMmy2\"><div class=\"guten-divider-wrapper\"><div class=\"guten-divider-default guten-divider-line guten-divider-regular\"><\/div><\/div><\/div>\n\n\n\n<h4 class=\"wp-block-gutenverse-heading guten-element guten-Wfmcz8\">8. Requiero que mi hijo afiance el proceso de reconocimiento con su padre biol\u00f3gico, que puedo hacer?<\/h4>\n\n\n\n<div class=\"guten-element gutenverse-text-editor guten-5OwtRw\"><div class=\"text-content-inner\">\n<div class=\"guten-element gutenverse-text-editor guten-4kxENU\"><div class=\"text-content-inner\">\n<p class=\"has-waterlava-tenth-color has-text-color has-tiny-font-size\">Realizar la valoraci\u00f3n del estado emocional del ni\u00f1o y tratamiento con psicolog\u00eda<\/p>\n<\/div><\/div>\n<\/div><\/div>\n\n\n\n<div class=\"wp-block-gutenverse-divider guten-element guten-divider guten-9Zi82C\"><div class=\"guten-divider-wrapper\"><div class=\"guten-divider-default guten-divider-line guten-divider-regular\"><\/div><\/div><\/div>\n\n\n\n<h4 class=\"wp-block-gutenverse-heading guten-element guten-Ta9Shh\">9. \u00bfCu\u00e1l prueba se debe aplicar para descartar un TDH?<\/h4>\n\n\n\n<div class=\"guten-element gutenverse-text-editor guten-lOcLVs\"><div class=\"text-content-inner\">\n<div class=\"guten-element gutenverse-text-editor guten-F91C2J\"><div class=\"text-content-inner\">\n<p class=\"has-waterlava-tenth-color has-text-color has-tiny-font-size\">Dependiendo de la edad lo determina el profesional<\/p>\n<\/div><\/div>\n<\/div><\/div>\n\n\n\n<div class=\"wp-block-gutenverse-divider guten-element guten-divider guten-DpyiNQ\"><div class=\"guten-divider-wrapper\"><div class=\"guten-divider-default guten-divider-line guten-divider-regular\"><\/div><\/div><\/div>\n\n\n\n<h4 class=\"wp-block-gutenverse-heading guten-element guten-EIE7d0\">10. \u00bfCu\u00e1l es la diferencia en lo que trabajan en rehabilitaci\u00f3n cognitiva y terapia ocupacional?<\/h4>\n\n\n\n<div class=\"guten-element gutenverse-text-editor guten-WJs4QA\"><div class=\"text-content-inner\">\n<div class=\"guten-element gutenverse-text-editor guten-7gq9ke\"><div class=\"text-content-inner\">\n<p class=\"has-waterlava-tenth-color has-text-color has-tiny-font-size\">En rehabilitaci\u00f3n se enfoca el trabajo al mejoramiento o entrenamiento de las funciones cognitivas que se como memoria, atenci\u00f3n, razonamiento, mientras qu\u00e9 la terapia ocupacional busca mejorar la funcionalidad e independencia de las personas teniendo en cuenta los intereses o roles ocupacionales qu\u00e9 desempe\u00f1an<\/p>\n<\/div><\/div>\n<\/div><\/div>\n\n\n\n<div class=\"wp-block-gutenverse-divider guten-element guten-divider guten-khIgfj\"><div class=\"guten-divider-wrapper\"><div class=\"guten-divider-default guten-divider-line guten-divider-regular\"><\/div><\/div><\/div>\n\n\n\n<h4 class=\"wp-block-gutenverse-heading guten-element guten-jDOrZZ\">11. \u00bfRealizan la prueba de inteligencia y que profesional la realiza?<\/h4>\n\n\n\n<div class=\"guten-element gutenverse-text-editor guten-QF5VLh\"><div class=\"text-content-inner\">\n<div class=\"guten-element gutenverse-text-editor guten-WcKxL3\"><div class=\"text-content-inner\">\n<p class=\"has-waterlava-tenth-color has-text-color has-tiny-font-size\">Si realizamos valoraci\u00f3n cognitiva. La realiza un profesional en psicolog\u00eda<\/p>\n<\/div><\/div>\n<\/div><\/div>\n\n\n\n<div class=\"wp-block-gutenverse-divider guten-element guten-divider guten-L4TJvA\"><div class=\"guten-divider-wrapper\"><div class=\"guten-divider-default guten-divider-line guten-divider-regular\"><\/div><\/div><\/div>\n\n\n\n<h4 class=\"wp-block-gutenverse-heading guten-element guten-mNNsv8\">12. Me gustar\u00eda que me guiaran en un proceso que estoy llevando conmigo misma<\/h4>\n\n\n\n<div class=\"guten-element gutenverse-text-editor guten-QmDg0S\"><div class=\"text-content-inner\">\n<div class=\"guten-element gutenverse-text-editor guten-buto7l\"><div class=\"text-content-inner\">\n<p class=\"has-waterlava-tenth-color has-text-color has-tiny-font-size\">Si, desde Psicolog\u00eda te podemos apoyar.<\/p>\n<\/div><\/div>\n<\/div><\/div>\n\n\n\n<div class=\"wp-block-gutenverse-divider guten-element guten-divider guten-LA8jCq\"><div class=\"guten-divider-wrapper\"><div class=\"guten-divider-default guten-divider-line guten-divider-regular\"><\/div><\/div><\/div>\n\n\n\n<h4 class=\"wp-block-gutenverse-heading guten-element guten-TQq6gm\">13. \u00bfQueremos saber con mi esposo el porqu\u00e9 del retraso en el aprendizaje de mi ni\u00f1a con respecto a la lectura?. \u00bfQueremos saber si es cognitivo o f\u00edsico?<\/h4>\n\n\n\n<div class=\"guten-element gutenverse-text-editor guten-bKOOlQ\"><div class=\"text-content-inner\">\n<div class=\"guten-element gutenverse-text-editor guten-nEzH6x\"><div class=\"text-content-inner\">\n<p class=\"has-waterlava-tenth-color has-text-color has-tiny-font-size\">Si, se recomienda realizar valoraci\u00f3n cognitiva<\/p>\n<\/div><\/div>\n<\/div><\/div>\n\n\n\n<div class=\"wp-block-gutenverse-divider guten-element guten-divider guten-kmxPQm\"><div class=\"guten-divider-wrapper\"><div class=\"guten-divider-default guten-divider-line guten-divider-regular\"><\/div><\/div><\/div>\n\n\n\n<h4 class=\"wp-block-gutenverse-heading guten-element guten-K7EZOF\">14. \u00bfQuisiera saber si ustedes hacen alg\u00fan estudio para saber si un adolescente tiene problemas de concentraci\u00f3n dispersa?<\/h4>\n\n\n\n<div class=\"guten-element gutenverse-text-editor guten-TCqijb\"><div class=\"text-content-inner\">\n<div class=\"guten-element gutenverse-text-editor guten-qKttxy\"><div class=\"text-content-inner\">\n<p class=\"has-waterlava-tenth-color has-text-color has-tiny-font-size\">Si, se recomienda realizar valoraci\u00f3n cognitiva<\/p>\n<\/div><\/div>\n<\/div><\/div>\n\n\n\n<div class=\"wp-block-gutenverse-divider guten-element guten-divider guten-h6KIGB\"><div class=\"guten-divider-wrapper\"><div class=\"guten-divider-default guten-divider-line guten-divider-regular\"><\/div><\/div><\/div>\n\n\n\n<h4 class=\"wp-block-gutenverse-heading guten-element guten-xa5sy1\">\u00bfNo encontraste tu inquietud? <\/h4>\n\n\n\n<div class=\"guten-element gutenverse-text-editor guten-bo55Re\"><div class=\"text-content-inner\">\n<div class=\"guten-element gutenverse-text-editor guten-dohR8O\"><div class=\"text-content-inner\">\n<p class=\"has-waterlava-tenth-color has-text-color has-tiny-font-size\">Cont\u00e1ctanos ya mismo dando clic en la siguiente imagen.<\/p>\n<\/div><\/div>\n<\/div><\/div>\n\n\n\n<div class=\"wp-block-gutenverse-image guten-element guten-image guten-Ej1NNH\"><a class=\"guten-image-wrapper\" href=\"https:\/\/qualitasas.com\/index.php\/contacto\/\" target=\"_blank\" rel=\"noreferrer noopener\"><img decoding=\"async\" class=\"gutenverse-image-box-filled\" src=\"https:\/\/qualitasas.com\/wp-content\/uploads\/2025\/05\/contacto.png\" height=\"400\" width=\"400\"\/><\/a><\/div>\n\n\n\n<p><\/p>\n","protected":false},"excerpt":{"rendered":"","protected":false},"author":1,"featured_media":0,"parent":0,"menu_order":0,"comment_status":"closed","ping_status":"closed","template":"","meta":{"_eb_attr":"","footnotes":""},"class_list":["post-1279","page","type-page","status-publish","hentry"],"_links":{"self":[{"href":"https:\/\/qualitasas.com\/index.php\/wp-json\/wp\/v2\/pages\/1279","targetHints":{"allow":["GET"]}}],"collection":[{"href":"https:\/\/qualitasas.com\/index.php\/wp-json\/wp\/v2\/pages"}],"about":[{"href":"https:\/\/qualitasas.com\/index.php\/wp-json\/wp\/v2\/types\/page"}],"author":[{"embeddable":true,"href":"https:\/\/qualitasas.com\/index.php\/wp-json\/wp\/v2\/users\/1"}],"replies":[{"embeddable":true,"href":"https:\/\/qualitasas.com\/index.php\/wp-json\/wp\/v2\/comments?post=1279"}],"version-history":[{"count":44,"href":"https:\/\/qualitasas.com\/index.php\/wp-json\/wp\/v2\/pages\/1279\/revisions"}],"predecessor-version":[{"id":1466,"href":"https:\/\/qualitasas.com\/index.php\/wp-json\/wp\/v2\/pages\/1279\/revisions\/1466"}],"wp:attachment":[{"href":"https:\/\/qualitasas.com\/index.php\/wp-json\/wp\/v2\/media?parent=1279"}],"curies":[{"name":"wp","href":"https:\/\/api.w.org\/{rel}","templated":true}]}}