{"id":476,"date":"2023-05-24T17:12:50","date_gmt":"2023-05-24T22:12:50","guid":{"rendered":"https:\/\/qualitasas.com\/?page_id=476"},"modified":"2025-06-06T15:43:01","modified_gmt":"2025-06-06T20:43:01","slug":"ips","status":"publish","type":"page","link":"https:\/\/qualitasas.com\/index.php\/ips\/","title":{"rendered":"IPS"},"content":{"rendered":"\n<h1 class=\"wp-block-gutenverse-heading guten-element guten-A2FBDQ\">Nuestros Servicios<\/h1>\n\n\n\n<div class=\"guten-element guten-social-icons guten-Hw1SZr rounded horizontal fill\">\n<div class=\"guten-element guten-social-icon guten-ezfKd2 facebook\"><a id=\"guten-ezfKd2\" href=\"https:\/\/www.facebook.com\/qualitasas\/\" target=\"_blank\" rel=\"noreferrer noopener\"><i class=\"fab fa-facebook\"><\/i><span><\/span><\/a><\/div>\n\n\n\n<div class=\"guten-element guten-social-icon guten-krAQaC instagram\"><a id=\"guten-krAQaC\" href=\"https:\/\/www.instagram.com\/qualitaips\/\" target=\"_blank\" rel=\"noreferrer noopener\"><i class=\"fab fa-instagram\"><\/i><span><\/span><\/a><\/div>\n<\/div>\n\n\n\n<div class=\"guten-element gutenverse-text-editor guten-QKDE9d\"><div class=\"text-content-inner\">\n<p class=\"has-text-align-center\">Contamos con especialistas muy capacitados y un repertorio amplio para brindar la mejor atenci\u00f3n posible a todos nuestros usuarios de Barrancabermeja y el Magdalena medio.<\/p>\n<\/div><\/div>\n\n\n\n<div class=\"guten-element gutenverse-text-editor guten-8Tm0e2\"><div class=\"text-content-inner\"><\/div><\/div>\n\n\n\n<div class=\"wp-block-gutenverse-divider guten-element guten-divider guten-TplsyR\"><div class=\"guten-divider-wrapper\"><div class=\"guten-divider-default guten-divider-line guten-divider-regular\"><\/div><\/div><\/div>\n\n\n\n<div class=\"section-wrapper\" data-id=\"YZhZ8h\"><section class=\"wp-block-gutenverse-section guten-element guten-section guten-YZhZ8h layout-boxed align-stretch\"><div class=\"guten-background-overlay\"><\/div><div class=\"guten-shape-divider guten-shape-divider-top\"><\/div><div class=\"guten-shape-divider guten-shape-divider-bottom\"><\/div><div class=\"guten-container guten-column-gap-default\">\n<div class=\"wp-block-gutenverse-column guten-element guten-column guten-YKUejT\"><div class=\"guten-background-overlay\"><\/div><div class=\"sticky-wrapper\" data-id=\"YKUejT\"><div class=\"guten-column-wrapper\">\n<h2 class=\"wp-block-gutenverse-heading guten-element guten-busawH\" id=\"neuropsicologia-ips\">Neuropsicolog\u00eda <\/h2>\n\n\n\n<div class=\"guten-element gutenverse-text-editor guten-ZlhuV1\"><div class=\"text-content-inner\">\n<p>Brindamos esta especialidad que eval\u00faa y trata a trav\u00e9s de diversos test estandarizados el funcionamiento de \u00e1reas como: memoria, funciones visoespaciales, atenci\u00f3n, orientaci\u00f3n, c\u00e1lculo, lenguaje y funciones ejecutivas para elaborar un perfil cognitivo y coeficiente intelectual.<\/p>\n\n\n\n<ul class=\"wp-block-list\">\n<li>Aplicaci\u00f3n prueba cognitiva (coeficiente intelectual)<\/li>\n\n\n\n<li>Bater\u00eda neuropsicol\u00f3gica (aplicaci\u00f3n de pruebas a ni\u00f1os, adolescentes y adultos mayores)<\/li>\n\n\n\n<li>Rehabilitaci\u00f3n neuropsicol\u00f3gica<\/li>\n<\/ul>\n<\/div><\/div>\n<\/div><\/div><\/div>\n\n\n\n<div class=\"wp-block-gutenverse-column guten-element guten-column guten-fAHdEL\"><div class=\"guten-background-overlay\"><\/div><div class=\"sticky-wrapper\" data-id=\"fAHdEL\"><div class=\"guten-column-wrapper\">\n<div class=\"wp-block-gutenverse-image guten-element guten-image guten-JlSmA0\"><a class=\"guten-image-wrapper\"><img decoding=\"async\" class=\"gutenverse-image-box-filled\" src=\"https:\/\/qualitasas.com\/wp-content\/uploads\/2023\/05\/Neuropsicologia-scaled.jpg\" height=\"1687\" width=\"2560\"\/><\/a><\/div>\n<\/div><\/div><\/div>\n<\/div><\/section><\/div>\n\n\n\n<div class=\"wp-block-gutenverse-divider guten-element guten-divider guten-wFRqZT\"><div class=\"guten-divider-wrapper\"><div class=\"guten-divider-default guten-divider-line guten-divider-regular\"><\/div><\/div><\/div>\n\n\n\n<div class=\"section-wrapper\" data-id=\"282B9v\"><section class=\"wp-block-gutenverse-section guten-element guten-section guten-282B9v layout-boxed align-stretch\"><div class=\"guten-background-overlay\"><\/div><div class=\"guten-shape-divider guten-shape-divider-top\"><\/div><div class=\"guten-shape-divider guten-shape-divider-bottom\"><\/div><div class=\"guten-container guten-column-gap-default\">\n<div class=\"wp-block-gutenverse-column guten-element guten-column guten-S1ILOI\"><div class=\"guten-background-overlay\"><\/div><div class=\"sticky-wrapper\" data-id=\"S1ILOI\"><div class=\"guten-column-wrapper\">\n<div class=\"wp-block-gutenverse-image guten-element guten-image guten-FLLUXU\"><a class=\"guten-image-wrapper\"><img decoding=\"async\" class=\"gutenverse-image-box-filled\" src=\"https:\/\/qualitasas.com\/wp-content\/uploads\/2023\/05\/Psicoterapia-scaled.jpg\" height=\"1583\" width=\"2560\"\/><\/a><\/div>\n<\/div><\/div><\/div>\n\n\n\n<div class=\"wp-block-gutenverse-column guten-element guten-column guten-f3fZks\"><div class=\"guten-background-overlay\"><\/div><div class=\"sticky-wrapper\" data-id=\"f3fZks\"><div class=\"guten-column-wrapper\">\n<h2 class=\"wp-block-gutenverse-heading guten-element guten-IiXWW1\" id=\"psicologia-ips\">Psicolog\u00eda <\/h2>\n\n\n\n<div class=\"guten-element gutenverse-text-editor guten-1BPtAa\"><div class=\"text-content-inner\">\n<p>El servicio de psicolog\u00eda atiende procesos de conducta humana en las \u00e1reas afectiva, cognitiva y conductual, relacionadas con el aprendizaje, el habla, emociones, comportamientos, entre otros. Comprende:<\/p>\n\n\n\n<ul class=\"wp-block-list\">\n<li>Psicoterapia individual<\/li>\n\n\n\n<li>Intervenci\u00f3n grupal<\/li>\n\n\n\n<li>Psicoterapia de pareja<\/li>\n\n\n\n<li>Terapia familiar<\/li>\n\n\n\n<li>Aplicaci\u00f3n de pruebas proyectivas o emocionales<\/li>\n<\/ul>\n<\/div><\/div>\n<\/div><\/div><\/div>\n<\/div><\/section><\/div>\n\n\n\n<div class=\"wp-block-gutenverse-divider guten-element guten-divider guten-IpdfWs\"><div class=\"guten-divider-wrapper\"><div class=\"guten-divider-default guten-divider-line guten-divider-regular\"><\/div><\/div><\/div>\n\n\n\n<div class=\"section-wrapper\" data-id=\"6LWanu\"><section class=\"wp-block-gutenverse-section guten-element guten-section guten-6LWanu layout-boxed align-stretch\"><div class=\"guten-background-overlay\"><\/div><div class=\"guten-shape-divider guten-shape-divider-top\"><\/div><div class=\"guten-shape-divider guten-shape-divider-bottom\"><\/div><div class=\"guten-container guten-column-gap-default\">\n<div class=\"wp-block-gutenverse-column guten-element guten-column guten-4WXXAN\"><div class=\"guten-background-overlay\"><\/div><div class=\"sticky-wrapper\" data-id=\"4WXXAN\"><div class=\"guten-column-wrapper\">\n<h2 class=\"wp-block-gutenverse-heading guten-element guten-PITnl8\" id=\"rehabilitacion-cognitiva-ips\">Rehabilitaci\u00f3n Cognitiva<\/h2>\n\n\n\n<div class=\"guten-element gutenverse-text-editor guten-if4uy2\"><div class=\"text-content-inner\">\n<p>Aplicamos diferentes procedimientos y t\u00e9cnicas que busca mejorar o compensar los d\u00e9ficits neurocognitivos de aquellas personas que han sufrido un da\u00f1o cerebral traum\u00e1tico, accidente cerebro vascular (Ictus) o demencias.<\/p>\n\n\n\n<ul class=\"wp-block-list\">\n<li>Valoraci\u00f3n cognitiva<\/li>\n\n\n\n<li>Control de seguimiento.<\/li>\n<\/ul>\n<\/div><\/div>\n<\/div><\/div><\/div>\n\n\n\n<div class=\"wp-block-gutenverse-column guten-element guten-column guten-uC8vN7\"><div class=\"guten-background-overlay\"><\/div><div class=\"sticky-wrapper\" data-id=\"uC8vN7\"><div class=\"guten-column-wrapper\">\n<div class=\"wp-block-gutenverse-image guten-element guten-image guten-79LUaK\"><a class=\"guten-image-wrapper\"><img decoding=\"async\" class=\"gutenverse-image-box-filled\" src=\"https:\/\/qualitasas.com\/wp-content\/uploads\/2023\/05\/01-26-scaled.jpg\" height=\"1805\" width=\"2560\"\/><\/a><\/div>\n<\/div><\/div><\/div>\n<\/div><\/section><\/div>\n\n\n\n<div class=\"wp-block-gutenverse-divider guten-element guten-divider guten-5MtnWF\"><div class=\"guten-divider-wrapper\"><div class=\"guten-divider-default guten-divider-line guten-divider-regular\"><\/div><\/div><\/div>\n\n\n\n<div class=\"section-wrapper\" data-id=\"90nnbJ\"><section class=\"wp-block-gutenverse-section guten-element guten-section guten-90nnbJ layout-boxed align-stretch\"><div class=\"guten-background-overlay\"><\/div><div class=\"guten-shape-divider guten-shape-divider-top\"><\/div><div class=\"guten-shape-divider guten-shape-divider-bottom\"><\/div><div class=\"guten-container guten-column-gap-default\">\n<div class=\"wp-block-gutenverse-column guten-element guten-column guten-yCk2kH\"><div class=\"guten-background-overlay\"><\/div><div class=\"sticky-wrapper\" data-id=\"yCk2kH\"><div class=\"guten-column-wrapper\">\n<div class=\"wp-block-columns are-vertically-aligned-top is-layout-flex wp-container-core-columns-is-layout-28f84493 wp-block-columns-is-layout-flex\">\n<div class=\"wp-block-column is-vertically-aligned-top is-layout-flow wp-block-column-is-layout-flow\" style=\"flex-basis:100%\">\n<div class=\"wp-block-gutenverse-image guten-element guten-image guten-khV6gD\"><a class=\"guten-image-wrapper\"><img decoding=\"async\" class=\"gutenverse-image-box-filled\" src=\"https:\/\/qualitasas.com\/wp-content\/uploads\/2023\/05\/Estimulacion-scaled.jpg\" height=\"1990\" width=\"2560\"\/><\/a><\/div>\n<\/div>\n<\/div>\n<\/div><\/div><\/div>\n\n\n\n<div class=\"wp-block-gutenverse-column guten-element guten-column guten-LXxjIN\"><div class=\"guten-background-overlay\"><\/div><div class=\"sticky-wrapper\" data-id=\"LXxjIN\"><div class=\"guten-column-wrapper\">\n<h2 class=\"wp-block-gutenverse-heading guten-element guten-NGVlnP\" id=\"ecc-ips\">Estimulaci\u00f3n cognitivo &#8211; conductual<\/h2>\n\n\n\n<div class=\"guten-element gutenverse-text-editor guten-E7gkD7\"><div class=\"text-content-inner\">\n<p>La estimulaci\u00f3n cognitivo-conductual es un enfoque terap\u00e9utico que combina t\u00e9cnicas cognitivas y conductuales para ayudar a las personas a identificar y cambiar patrones de pensamiento y comportamiento negativos o disfuncionales.<\/p>\n\n\n\n<ul class=\"wp-block-list\">\n<li>Control de seguimiento<\/li>\n<\/ul>\n<\/div><\/div>\n<\/div><\/div><\/div>\n<\/div><\/section><\/div>\n\n\n\n<div class=\"wp-block-gutenverse-divider guten-element guten-divider guten-WrNNtC\"><div class=\"guten-divider-wrapper\"><div class=\"guten-divider-default guten-divider-line guten-divider-regular\"><\/div><\/div><\/div>\n\n\n\n<div class=\"section-wrapper\" data-id=\"cm7yU4\"><section class=\"wp-block-gutenverse-section guten-element guten-section guten-cm7yU4 layout-boxed align-stretch\"><div class=\"guten-background-overlay\"><\/div><div class=\"guten-shape-divider guten-shape-divider-top\"><\/div><div class=\"guten-shape-divider guten-shape-divider-bottom\"><\/div><div class=\"guten-container guten-column-gap-default\">\n<div class=\"wp-block-gutenverse-column guten-element guten-column guten-Wc0Awh\"><div class=\"guten-background-overlay\"><\/div><div class=\"sticky-wrapper\" data-id=\"Wc0Awh\"><div class=\"guten-column-wrapper\">\n<h2 class=\"wp-block-gutenverse-heading guten-element guten-ATszIg\" id=\"terapia-pareja-ips\">Terapia de pareja<\/h2>\n\n\n\n<div class=\"guten-element gutenverse-text-editor guten-j3gPzM\"><div class=\"text-content-inner\">\n<p>Tratamiento que se brinda a ambos miembros de una relaci\u00f3n sentimental, buscando mejorar la comunicaci\u00f3n en su condici\u00f3n de enamorados, novios, esposos, convivientes, separados y\/o divorciados. La terapia familiar tiene como objetivo ayudar a la pareja y la familia a resolver las situaciones de conflicto y malestar en la que se encuentra. <\/p>\n\n\n\n<p>Se proporcionan estrategias que permitan al sistema tener una vida m\u00e1s satisfactoria.<\/p>\n<\/div><\/div>\n<\/div><\/div><\/div>\n\n\n\n<div class=\"wp-block-gutenverse-column guten-element guten-column guten-H7rtju\"><div class=\"guten-background-overlay\"><\/div><div class=\"sticky-wrapper\" data-id=\"H7rtju\"><div class=\"guten-column-wrapper\">\n<div class=\"wp-block-columns are-vertically-aligned-top is-layout-flex wp-container-core-columns-is-layout-28f84493 wp-block-columns-is-layout-flex\">\n<div class=\"wp-block-column is-vertically-aligned-top is-layout-flow wp-block-column-is-layout-flow\" style=\"flex-basis:100%\">\n<div class=\"wp-block-gutenverse-image guten-element guten-image guten-6NjT0B\"><a class=\"guten-image-wrapper\"><img decoding=\"async\" class=\"gutenverse-image-box-filled\" src=\"https:\/\/qualitasas.com\/wp-content\/uploads\/2023\/05\/IMG-1352-scaled.jpg\" height=\"1920\" width=\"2560\"\/><\/a><\/div>\n<\/div>\n<\/div>\n<\/div><\/div><\/div>\n<\/div><\/section><\/div>\n\n\n\n<div class=\"wp-block-gutenverse-divider guten-element guten-divider guten-Vzac33\"><div class=\"guten-divider-wrapper\"><div class=\"guten-divider-default guten-divider-line guten-divider-regular\"><\/div><\/div><\/div>\n\n\n\n<div class=\"section-wrapper\" data-id=\"A1rjtG\"><section class=\"wp-block-gutenverse-section guten-element guten-section guten-A1rjtG layout-boxed align-stretch\"><div class=\"guten-background-overlay\"><\/div><div class=\"guten-shape-divider guten-shape-divider-top\"><\/div><div class=\"guten-shape-divider guten-shape-divider-bottom\"><\/div><div class=\"guten-container guten-column-gap-default\">\n<div class=\"wp-block-gutenverse-column guten-element guten-column guten-SXyh6D\"><div class=\"guten-background-overlay\"><\/div><div class=\"sticky-wrapper\" data-id=\"SXyh6D\"><div class=\"guten-column-wrapper\">\n<div class=\"wp-block-gutenverse-image guten-element guten-image guten-duVivP\"><a class=\"guten-image-wrapper\"><img decoding=\"async\" class=\"gutenverse-image-box-filled\" src=\"https:\/\/qualitasas.com\/wp-content\/uploads\/2023\/05\/IMG-1318-scaled.jpg\" height=\"1920\" width=\"2560\"\/><\/a><\/div>\n<\/div><\/div><\/div>\n\n\n\n<div class=\"wp-block-gutenverse-column guten-element guten-column guten-MamAl0\"><div class=\"guten-background-overlay\"><\/div><div class=\"sticky-wrapper\" data-id=\"MamAl0\"><div class=\"guten-column-wrapper\">\n<h2 class=\"wp-block-gutenverse-heading guten-element guten-lWgR2r\" id=\"psiquiatria-ips\">Psiquiatr\u00eda<\/h2>\n\n\n\n<div class=\"guten-element gutenverse-text-editor guten-t8X4R2\"><div class=\"text-content-inner\">\n<p>Contamos con el personal profesional que diagnostica y trata las enfermedades mentales abord\u00e1ndole prioritariamente desde su parte fisiol\u00f3gica, con prescripci\u00f3n m\u00e9dica u otro tipo de intervenci\u00f3n a fin de equilibrar la bioqu\u00edmica del cerebro y reparar o compensar la fisiolog\u00eda que est\u00e9 deteriorada.<\/p>\n\n\n\n<ul class=\"wp-block-list\">\n<li>Valoraci\u00f3n<\/li>\n\n\n\n<li>Control de seguimiento<\/li>\n<\/ul>\n<\/div><\/div>\n<\/div><\/div><\/div>\n<\/div><\/section><\/div>\n\n\n\n<div class=\"wp-block-gutenverse-divider guten-element guten-divider guten-oUCVAZ\"><div class=\"guten-divider-wrapper\"><div class=\"guten-divider-default guten-divider-line guten-divider-regular\"><\/div><\/div><\/div>\n\n\n\n<div class=\"section-wrapper\" data-id=\"2nCSst\"><section class=\"wp-block-gutenverse-section guten-element guten-section guten-2nCSst layout-boxed align-stretch\"><div class=\"guten-background-overlay\"><\/div><div class=\"guten-shape-divider guten-shape-divider-top\"><\/div><div class=\"guten-shape-divider guten-shape-divider-bottom\"><\/div><div class=\"guten-container guten-column-gap-default\">\n<div class=\"wp-block-gutenverse-column guten-element guten-column guten-3qk0yJ\"><div class=\"guten-background-overlay\"><\/div><div class=\"sticky-wrapper\" data-id=\"3qk0yJ\"><div class=\"guten-column-wrapper\">\n<h2 class=\"wp-block-gutenverse-heading guten-element guten-aijFGe\" id=\"fonoaudiologia-ips\">Fonoaudiolog\u00eda<\/h2>\n\n\n\n<div class=\"guten-element gutenverse-text-editor guten-cQZQPh\"><div class=\"text-content-inner\">\n<p>El servicio de fonoaudiolog\u00eda maneja y previene trastornos de la comunicaci\u00f3n (lenguaje, habla y voz) en adultos y ni\u00f1os, con el fin de lograr una adecuada interrelaci\u00f3n personal y apoyar al paciente con dificultades de aprendizaje y trastornos de degluci\u00f3n.<\/p>\n\n\n\n<ul class=\"wp-block-list\">\n<li>Valoraci\u00f3n<\/li>\n\n\n\n<li>Control de seguimiento<\/li>\n<\/ul>\n<\/div><\/div>\n<\/div><\/div><\/div>\n\n\n\n<div class=\"wp-block-gutenverse-column guten-element guten-column guten-f2oNZo\"><div class=\"guten-background-overlay\"><\/div><div class=\"sticky-wrapper\" data-id=\"f2oNZo\"><div class=\"guten-column-wrapper\">\n<div class=\"wp-block-columns are-vertically-aligned-top is-layout-flex wp-container-core-columns-is-layout-28f84493 wp-block-columns-is-layout-flex\">\n<div class=\"wp-block-column is-vertically-aligned-top is-layout-flow wp-block-column-is-layout-flow\" style=\"flex-basis:100%\">\n<div class=\"wp-block-gutenverse-image guten-element guten-image guten-k43bEX\"><a class=\"guten-image-wrapper\"><img decoding=\"async\" class=\"gutenverse-image-box-filled\" src=\"https:\/\/qualitasas.com\/wp-content\/uploads\/2023\/05\/IMG-1290-scaled.jpg\" height=\"1920\" width=\"2560\"\/><\/a><\/div>\n<\/div>\n<\/div>\n<\/div><\/div><\/div>\n<\/div><\/section><\/div>\n\n\n\n<div class=\"wp-block-gutenverse-divider guten-element guten-divider guten-SXpoI7\"><div class=\"guten-divider-wrapper\"><div class=\"guten-divider-default guten-divider-line guten-divider-regular\"><\/div><\/div><\/div>\n\n\n\n<div class=\"section-wrapper\" data-id=\"LPgQ1e\"><section class=\"wp-block-gutenverse-section guten-element guten-section guten-LPgQ1e layout-boxed align-stretch\"><div class=\"guten-background-overlay\"><\/div><div class=\"guten-shape-divider guten-shape-divider-top\"><\/div><div class=\"guten-shape-divider guten-shape-divider-bottom\"><\/div><div class=\"guten-container guten-column-gap-default\">\n<div class=\"wp-block-gutenverse-column guten-element guten-column guten-6DTbhR\"><div class=\"guten-background-overlay\"><\/div><div class=\"sticky-wrapper\" data-id=\"6DTbhR\"><div class=\"guten-column-wrapper\">\n<div class=\"wp-block-gutenverse-image guten-element guten-image guten-QUXLkF\"><a class=\"guten-image-wrapper\"><img decoding=\"async\" class=\"gutenverse-image-box-filled\" src=\"https:\/\/qualitasas.com\/wp-content\/uploads\/2023\/05\/T.-Ocupacional-scaled.jpg\" height=\"2044\" width=\"2560\"\/><\/a><\/div>\n<\/div><\/div><\/div>\n\n\n\n<div class=\"wp-block-gutenverse-column guten-element guten-column guten-kmPGUd\"><div class=\"guten-background-overlay\"><\/div><div class=\"sticky-wrapper\" data-id=\"kmPGUd\"><div class=\"guten-column-wrapper\">\n<h2 class=\"wp-block-gutenverse-heading guten-element guten-woVVaD\" id=\"terapia-ocupacional-ips\">Terapia Ocupacional<\/h2>\n\n\n\n<div class=\"guten-element gutenverse-text-editor guten-f8yjjY\"><div class=\"text-content-inner\">\n<p>Servicio que eval\u00faa la capacidad de la persona para conseguir la m\u00e1xima independencia, funcionalidad y autonom\u00eda del paciente con discapacidad en actividades de la vida cotidiana, en ni\u00f1os, adolescentes y adultos.<\/p>\n\n\n\n<ul class=\"wp-block-list\">\n<li>Valoraci\u00f3n<\/li>\n\n\n\n<li>Control de seguimiento<\/li>\n<\/ul>\n<\/div><\/div>\n<\/div><\/div><\/div>\n<\/div><\/section><\/div>\n\n\n\n<div class=\"wp-block-gutenverse-divider guten-element guten-divider guten-NTXBI0\"><div class=\"guten-divider-wrapper\"><div class=\"guten-divider-default guten-divider-line guten-divider-regular\"><\/div><\/div><\/div>\n\n\n\n<div class=\"section-wrapper\" data-id=\"tY7KF5\"><section class=\"wp-block-gutenverse-section guten-element guten-section guten-tY7KF5 layout-boxed align-stretch\"><div class=\"guten-background-overlay\"><\/div><div class=\"guten-shape-divider guten-shape-divider-top\"><\/div><div class=\"guten-shape-divider guten-shape-divider-bottom\"><\/div><div class=\"guten-container guten-column-gap-default\">\n<div class=\"wp-block-gutenverse-column guten-element guten-column guten-FSYovx\"><div class=\"guten-background-overlay\"><\/div><div class=\"sticky-wrapper\" data-id=\"FSYovx\"><div class=\"guten-column-wrapper\">\n<h2 class=\"wp-block-gutenverse-heading guten-element guten-cw2jLb\" id=\"fisioterapia-ips\">Fisioterapia<\/h2>\n\n\n\n<div class=\"guten-element gutenverse-text-editor guten-7iJ18O\"><div class=\"text-content-inner\">\n<p>Se enfoca en la reparaci\u00f3n y restauraci\u00f3n de la movilidad f\u00edsica de los pacientes que han sufrido alg\u00fan tipo de trauma f\u00edsico.<\/p>\n\n\n\n<ul class=\"wp-block-list\">\n<li>Valoraci\u00f3n<\/li>\n\n\n\n<li>Control de seguimiento<\/li>\n<\/ul>\n<\/div><\/div>\n<\/div><\/div><\/div>\n\n\n\n<div class=\"wp-block-gutenverse-column guten-element guten-column guten-6Vv57K\"><div class=\"guten-background-overlay\"><\/div><div class=\"sticky-wrapper\" data-id=\"6Vv57K\"><div class=\"guten-column-wrapper\">\n<div class=\"wp-block-columns are-vertically-aligned-top is-layout-flex wp-container-core-columns-is-layout-28f84493 wp-block-columns-is-layout-flex\">\n<div class=\"wp-block-column is-vertically-aligned-top is-layout-flow wp-block-column-is-layout-flow\" style=\"flex-basis:100%\">\n<div class=\"wp-block-gutenverse-image guten-element guten-image guten-PbUOYR\"><a class=\"guten-image-wrapper\"><img decoding=\"async\" class=\"gutenverse-image-box-filled\" src=\"https:\/\/qualitasas.com\/wp-content\/uploads\/2023\/05\/Fisioterapia-scaled.jpg\" height=\"1920\" width=\"2560\"\/><\/a><\/div>\n<\/div>\n<\/div>\n<\/div><\/div><\/div>\n<\/div><\/section><\/div>\n\n\n\n<div class=\"wp-block-gutenverse-divider guten-element guten-divider guten-KiUPas\"><div class=\"guten-divider-wrapper\"><div class=\"guten-divider-default guten-divider-line guten-divider-regular\"><\/div><\/div><\/div>\n\n\n\n<div class=\"section-wrapper\" data-id=\"OBGTXA\"><section class=\"wp-block-gutenverse-section guten-element guten-section guten-OBGTXA layout-boxed align-stretch\"><div class=\"guten-background-overlay\"><\/div><div class=\"guten-shape-divider guten-shape-divider-top\"><\/div><div class=\"guten-shape-divider guten-shape-divider-bottom\"><\/div><div class=\"guten-container guten-column-gap-default\">\n<div class=\"wp-block-gutenverse-column guten-element guten-column guten-Fw74h3\"><div class=\"guten-background-overlay\"><\/div><div class=\"sticky-wrapper\" data-id=\"Fw74h3\"><div class=\"guten-column-wrapper\">\n<div class=\"wp-block-columns are-vertically-aligned-top is-layout-flex wp-container-core-columns-is-layout-28f84493 wp-block-columns-is-layout-flex\">\n<div class=\"wp-block-column is-vertically-aligned-top is-layout-flow wp-block-column-is-layout-flow\" style=\"flex-basis:100%\">\n<div class=\"wp-block-gutenverse-image guten-element guten-image guten-Ae7TqK\"><a class=\"guten-image-wrapper\"><img decoding=\"async\" class=\"gutenverse-image-box-filled\" src=\"https:\/\/qualitasas.com\/wp-content\/uploads\/2023\/05\/Gerontologia-scaled.jpg\" height=\"1707\" width=\"2560\"\/><\/a><\/div>\n<\/div>\n<\/div>\n<\/div><\/div><\/div>\n\n\n\n<div class=\"wp-block-gutenverse-column guten-element guten-column guten-dTUaQk\"><div class=\"guten-background-overlay\"><\/div><div class=\"sticky-wrapper\" data-id=\"dTUaQk\"><div class=\"guten-column-wrapper\">\n<h2 class=\"wp-block-gutenverse-heading guten-element guten-G8ESOw\" id=\"atencion-adulto-mayor-ips\">Atenci\u00f3n integral al adulto mayor<\/h2>\n\n\n\n<div class=\"guten-element gutenverse-text-editor guten-bLxx7f\"><div class=\"text-content-inner\">\n<p>Somos un centro terap\u00e9utico especializado, que promueve la calidad y el sentido de vida al adulto mayor atendiendo diferentes factores como el alzh\u00e9imer, demencias menores, p\u00e1rkinson, fallos en la memoria entre otras.<\/p>\n\n\n\n<ul class=\"wp-block-list\">\n<li>Control de seguimiento<\/li>\n\n\n\n<li>Apoyo emocional<\/li>\n<\/ul>\n<\/div><\/div>\n<\/div><\/div><\/div>\n<\/div><\/section><\/div>\n\n\n\n<div class=\"wp-block-gutenverse-divider guten-element guten-divider guten-KUCb4N\"><div class=\"guten-divider-wrapper\"><div class=\"guten-divider-default guten-divider-line guten-divider-regular\"><\/div><\/div><\/div>\n\n\n\n<div class=\"section-wrapper\" data-id=\"ABMkY0\"><section class=\"wp-block-gutenverse-section guten-element guten-section guten-ABMkY0 layout-boxed align-stretch\"><div class=\"guten-background-overlay\"><\/div><div class=\"guten-shape-divider guten-shape-divider-top\"><\/div><div class=\"guten-shape-divider guten-shape-divider-bottom\"><\/div><div class=\"guten-container guten-column-gap-default\">\n<div class=\"wp-block-gutenverse-column guten-element guten-column guten-8UoRol\"><div class=\"guten-background-overlay\"><\/div><div class=\"sticky-wrapper\" data-id=\"8UoRol\"><div class=\"guten-column-wrapper\">\n<h2 class=\"wp-block-gutenverse-heading guten-element guten-5Pl8o1\" id=\"certificado-discapacidad-ips\">Certificaci\u00f3n de discapacidad<\/h2>\n\n\n\n<div class=\"guten-element gutenverse-text-editor guten-3bLE6E\"><div class=\"text-content-inner\">\n<p>Qualita brinda el servicio de acreditaci\u00f3n a trav\u00e9s de un documento oficial, la condici\u00f3n legal de personas con discapacidad. Posteriormente a estas se les concede un grado en concreto de acuerdo a su condici\u00f3n f\u00edsica, intelectual o sensorial.<\/p>\n<\/div><\/div>\n<\/div><\/div><\/div>\n\n\n\n<div class=\"wp-block-gutenverse-column guten-element guten-column guten-fzgo9I\"><div class=\"guten-background-overlay\"><\/div><div class=\"sticky-wrapper\" data-id=\"fzgo9I\"><div class=\"guten-column-wrapper\">\n<div class=\"wp-block-columns are-vertically-aligned-top is-layout-flex wp-container-core-columns-is-layout-28f84493 wp-block-columns-is-layout-flex\">\n<div class=\"wp-block-column is-vertically-aligned-top is-layout-flow wp-block-column-is-layout-flow\" style=\"flex-basis:100%\">\n<div class=\"wp-block-gutenverse-image guten-element guten-image guten-RbuVF7\"><a class=\"guten-image-wrapper\"><img decoding=\"async\" class=\"gutenverse-image-box-filled\" src=\"https:\/\/qualitasas.com\/wp-content\/uploads\/2023\/05\/WhatsApp-Image-2023-03-16-at-1.50.23-PM-1.jpeg\" height=\"1200\" width=\"1600\"\/><\/a><\/div>\n<\/div>\n<\/div>\n<\/div><\/div><\/div>\n<\/div><\/section><\/div>\n\n\n\n<div class=\"wp-block-gutenverse-divider guten-element guten-divider guten-OfzSgB\"><div class=\"guten-divider-wrapper\"><div class=\"guten-divider-default guten-divider-line guten-divider-regular\"><\/div><\/div><\/div>\n\n\n\n<div class=\"section-wrapper\" data-id=\"4L3d5i\"><section class=\"wp-block-gutenverse-section guten-element guten-section guten-4L3d5i layout-boxed align-stretch\"><div class=\"guten-background-overlay\"><\/div><div class=\"guten-shape-divider guten-shape-divider-top\"><\/div><div class=\"guten-shape-divider guten-shape-divider-bottom\"><\/div><div class=\"guten-container guten-column-gap-default\">\n<div class=\"wp-block-gutenverse-column guten-element guten-column guten-wYR2Oy\"><div class=\"guten-background-overlay\"><\/div><div class=\"sticky-wrapper\" data-id=\"wYR2Oy\"><div class=\"guten-column-wrapper\">\n<div class=\"wp-block-gutenverse-image guten-element guten-image guten-k6td2S\"><a class=\"guten-image-wrapper\"><img decoding=\"async\" class=\"gutenverse-image-box-filled\" src=\"https:\/\/qualitasas.com\/wp-content\/uploads\/2023\/05\/pexels-mart-production-7231226.jpg\" height=\"1280\" width=\"1920\"\/><\/a><\/div>\n<\/div><\/div><\/div>\n\n\n\n<div class=\"wp-block-gutenverse-column guten-element guten-column guten-4rV6gh\"><div class=\"guten-background-overlay\"><\/div><div class=\"sticky-wrapper\" data-id=\"4rV6gh\"><div class=\"guten-column-wrapper\">\n<h2 class=\"wp-block-gutenverse-heading guten-element guten-Otwyq5\" id=\"brujula-ad-ips\">Programa Br\u00fajula AD<\/h2>\n\n\n\n<div class=\"guten-element gutenverse-text-editor guten-doOZs4\"><div class=\"text-content-inner\">\n<p>Br\u00fajula AD se crea como respuesta a la problem\u00e1tica que viven los consumidores y sus familias al ver que no son atendidos de manera \u00edntegra. Este modelo pretende la atenci\u00f3n integral y atenci\u00f3n ambulatoria a pacientes con consumo de sustancias psicoactivas (SPA), el servicio comprende:<\/p>\n\n\n\n<ul class=\"wp-block-list\">\n<li>Evaluaci\u00f3n y diagn\u00f3stico.<\/li>\n\n\n\n<li>Valoraci\u00f3n interdisciplinaria (medicina general, psicolog\u00eda, psiquiatr\u00eda y neuropsicolog\u00eda).<\/li>\n\n\n\n<li>Rehabilitaci\u00f3n integral.<\/li>\n<\/ul>\n<\/div><\/div>\n<\/div><\/div><\/div>\n<\/div><\/section><\/div>\n\n\n\n<div class=\"wp-block-gutenverse-divider guten-element guten-divider guten-X6wYjH\"><div class=\"guten-divider-wrapper\"><div class=\"guten-divider-default guten-divider-line guten-divider-regular\"><\/div><\/div><\/div>\n\n\n\n<div class=\"section-wrapper\" data-id=\"PTieKm\"><section class=\"wp-block-gutenverse-section guten-element guten-section guten-PTieKm layout-boxed align-stretch\"><div class=\"guten-background-overlay\"><\/div><div class=\"guten-shape-divider guten-shape-divider-top\"><\/div><div class=\"guten-shape-divider guten-shape-divider-bottom\"><\/div><div class=\"guten-container guten-column-gap-default\">\n<div class=\"wp-block-gutenverse-column guten-element guten-column guten-LwntxO\"><div class=\"guten-background-overlay\"><\/div><div class=\"sticky-wrapper\" data-id=\"LwntxO\"><div class=\"guten-column-wrapper\">\n<h2 class=\"wp-block-gutenverse-heading guten-element guten-Muqbiw\" id=\"atencion-domiciliaria-ips\">Atenci\u00f3n domiciliaria<\/h2>\n\n\n\n<div class=\"guten-element gutenverse-text-editor guten-aujFO6\"><div class=\"text-content-inner\">\n<p>Nuestro objetivo es acompa\u00f1ar al paciente en cualquier proceso f\u00edsico o mental que se est\u00e9 llevando desde su domicilio, procurando por su adecuada recuperaci\u00f3n y una continuidad correcta de su tratamiento.<br>Contamos con todo el personal requerido para una correcta atenci\u00f3n con todas las medidas de bioseguridad que garanticen el cuidado colectivo.<\/p>\n<\/div><\/div>\n<\/div><\/div><\/div>\n\n\n\n<div class=\"wp-block-gutenverse-column guten-element guten-column guten-NQSuFx\"><div class=\"guten-background-overlay\"><\/div><div class=\"sticky-wrapper\" data-id=\"NQSuFx\"><div class=\"guten-column-wrapper\">\n<div class=\"wp-block-columns are-vertically-aligned-top is-layout-flex wp-container-core-columns-is-layout-28f84493 wp-block-columns-is-layout-flex\">\n<div class=\"wp-block-column is-vertically-aligned-top is-layout-flow wp-block-column-is-layout-flow\" style=\"flex-basis:100%\">\n<div class=\"wp-block-gutenverse-image guten-element guten-image guten-ssBUU3\"><a class=\"guten-image-wrapper\"><img decoding=\"async\" class=\"gutenverse-image-box-filled\" src=\"https:\/\/qualitasas.com\/wp-content\/uploads\/2023\/05\/Neuropsicologia-2-scaled.jpg\" height=\"1733\" width=\"2560\"\/><\/a><\/div>\n<\/div>\n<\/div>\n<\/div><\/div><\/div>\n<\/div><\/section><\/div>\n\n\n\n<div class=\"wp-block-gutenverse-divider guten-element guten-divider guten-XRuJo0\"><div class=\"guten-divider-wrapper\"><div class=\"guten-divider-default guten-divider-line guten-divider-regular\"><\/div><\/div><\/div>\n\n\n\n<div class=\"section-wrapper\" data-id=\"hu7vU4\"><section class=\"wp-block-gutenverse-section guten-element guten-section guten-hu7vU4 layout-boxed align-stretch\"><div class=\"guten-background-overlay\"><\/div><div class=\"guten-shape-divider guten-shape-divider-top\"><\/div><div class=\"guten-shape-divider guten-shape-divider-bottom\"><\/div><div class=\"guten-container guten-column-gap-default\">\n<div class=\"wp-block-gutenverse-column guten-element guten-column guten-PAc89h\"><div class=\"guten-background-overlay\"><\/div><div class=\"sticky-wrapper\" data-id=\"PAc89h\"><div class=\"guten-column-wrapper\">\n<div class=\"wp-block-gutenverse-image guten-element guten-image guten-fW7nU8\"><a class=\"guten-image-wrapper\"><img decoding=\"async\" class=\"gutenverse-image-box-filled\" src=\"https:\/\/qualitasas.com\/wp-content\/uploads\/2023\/05\/Screenshot_20230531-150400_WhatsApp-e1685563698570.jpg\" height=\"776\" width=\"1042\"\/><\/a><\/div>\n<\/div><\/div><\/div>\n\n\n\n<div class=\"wp-block-gutenverse-column guten-element guten-column guten-977Yg4\"><div class=\"guten-background-overlay\"><\/div><div class=\"sticky-wrapper\" data-id=\"977Yg4\"><div class=\"guten-column-wrapper\">\n<h2 class=\"wp-block-gutenverse-heading guten-element guten-h90DhC\" id=\"odontologia-ips\">Odontolog\u00eda <\/h2>\n\n\n\n<div class=\"guten-element gutenverse-text-editor guten-fJpMnh\"><div class=\"text-content-inner\">\n<p>La odontolog\u00eda es la rama de la medicina que se especializa en el diagn\u00f3stico, prevenci\u00f3n y tratamiento de enfermedades y trastornos relacionados con la cavidad oral y los dientes. El objetivo principal de la odontolog\u00eda es mantener la salud bucal y promover la est\u00e9tica dental.<\/p>\n<\/div><\/div>\n<\/div><\/div><\/div>\n<\/div><\/section><\/div>\n\n\n\n<div class=\"wp-block-gutenverse-divider guten-element guten-divider guten-dSAwit\"><div class=\"guten-divider-wrapper\"><div class=\"guten-divider-default guten-divider-line guten-divider-regular\"><\/div><\/div><\/div>\n\n\n\n<div class=\"section-wrapper\" data-id=\"WBmvQN\"><section class=\"wp-block-gutenverse-section guten-element guten-section guten-WBmvQN layout-boxed align-stretch\"><div class=\"guten-background-overlay\"><\/div><div class=\"guten-shape-divider guten-shape-divider-top\"><\/div><div class=\"guten-shape-divider guten-shape-divider-bottom\"><\/div><div class=\"guten-container guten-column-gap-default\">\n<div class=\"wp-block-gutenverse-column guten-element guten-column guten-dd7qdz\"><div class=\"guten-background-overlay\"><\/div><div class=\"sticky-wrapper\" data-id=\"dd7qdz\"><div class=\"guten-column-wrapper\">\n<h2 class=\"wp-block-gutenverse-heading guten-element guten-176Gfm\" id=\"medicina-general-ips\">Medicina general<\/h2>\n\n\n\n<div class=\"guten-element gutenverse-text-editor guten-yKzbCg\"><div class=\"text-content-inner\">\n<p>Texto medicina general<\/p>\n<\/div><\/div>\n<\/div><\/div><\/div>\n\n\n\n<div class=\"wp-block-gutenverse-column guten-element guten-column guten-k5NFKd\"><div class=\"guten-background-overlay\"><\/div><div class=\"sticky-wrapper\" data-id=\"k5NFKd\"><div class=\"guten-column-wrapper\">\n<div class=\"wp-block-columns are-vertically-aligned-top is-layout-flex wp-container-core-columns-is-layout-28f84493 wp-block-columns-is-layout-flex\">\n<div class=\"wp-block-column is-vertically-aligned-top is-layout-flow wp-block-column-is-layout-flow\" style=\"flex-basis:100%\">\n<div class=\"wp-block-gutenverse-image guten-element guten-image guten-ViozIv\"><a class=\"guten-image-wrapper\"><img decoding=\"async\" class=\"gutenverse-image-box-filled\" src=\"https:\/\/qualitasas.com\/wp-content\/uploads\/2023\/05\/pexels-thirdman-7659570.jpg\" height=\"1280\" width=\"1920\"\/><\/a><\/div>\n<\/div>\n<\/div>\n<\/div><\/div><\/div>\n<\/div><\/section><\/div>\n\n\n\n<div class=\"wp-block-gutenverse-divider guten-element guten-divider guten-6SXkNx\"><div class=\"guten-divider-wrapper\"><div class=\"guten-divider-default guten-divider-line guten-divider-regular\"><\/div><\/div><\/div>\n\n\n\n<div class=\"section-wrapper\" data-id=\"LXsVmn\"><section class=\"wp-block-gutenverse-section guten-element guten-section guten-LXsVmn layout-boxed align-stretch\"><div class=\"guten-background-overlay\"><\/div><div class=\"guten-shape-divider guten-shape-divider-top\"><\/div><div class=\"guten-shape-divider guten-shape-divider-bottom\"><\/div><div class=\"guten-container guten-column-gap-default\">\n<div class=\"wp-block-gutenverse-column guten-element guten-column guten-PdtIAb\"><div class=\"guten-background-overlay\"><\/div><div class=\"sticky-wrapper\" data-id=\"PdtIAb\"><div class=\"guten-column-wrapper\">\n<div class=\"wp-block-gutenverse-image guten-element guten-image guten-lsJRtI\"><a class=\"guten-image-wrapper\"><img decoding=\"async\" class=\"gutenverse-image-box-filled\" src=\"https:\/\/qualitasas.com\/wp-content\/uploads\/2023\/05\/pexels-cedric-fauntleroy-4269944-e1684997905246.jpg\" height=\"1108\" width=\"1915\"\/><\/a><\/div>\n<\/div><\/div><\/div>\n\n\n\n<div class=\"wp-block-gutenverse-column guten-element guten-column guten-GqkyHi\"><div class=\"guten-background-overlay\"><\/div><div class=\"sticky-wrapper\" data-id=\"GqkyHi\"><div class=\"guten-column-wrapper\">\n<h2 class=\"wp-block-gutenverse-heading guten-element guten-sKucMw\" id=\"pediatr\u00eda-ips\">Pediatr\u00eda  <\/h2>\n\n\n\n<div class=\"guten-element gutenverse-text-editor guten-77EgKI\"><div class=\"text-content-inner\">\n<p>Texto pediatr\u00eda <\/p>\n<\/div><\/div>\n<\/div><\/div><\/div>\n<\/div><\/section><\/div>\n\n\n\n<div class=\"wp-block-gutenverse-divider guten-element guten-divider guten-LMiseb\"><div class=\"guten-divider-wrapper\"><div class=\"guten-divider-default guten-divider-line guten-divider-regular\"><\/div><\/div><\/div>\n\n\n\n<div class=\"section-wrapper\" data-id=\"QgGJf3\"><section class=\"wp-block-gutenverse-section guten-element guten-section guten-QgGJf3 layout-boxed align-stretch\"><div class=\"guten-background-overlay\"><\/div><div class=\"guten-shape-divider guten-shape-divider-top\"><\/div><div class=\"guten-shape-divider guten-shape-divider-bottom\"><\/div><div class=\"guten-container guten-column-gap-default\">\n<div class=\"wp-block-gutenverse-column guten-element guten-column guten-0SKcHO\"><div class=\"guten-background-overlay\"><\/div><div class=\"sticky-wrapper\" data-id=\"0SKcHO\"><div class=\"guten-column-wrapper\">\n<h2 class=\"wp-block-gutenverse-heading guten-element guten-REJK9W\" id=\"enfermer\u00eda-ips\">Enfermer\u00eda <\/h2>\n\n\n\n<div class=\"guten-element gutenverse-text-editor guten-bMJOeR\"><div class=\"text-content-inner\">\n<p>Texto enfermer\u00eda <\/p>\n<\/div><\/div>\n<\/div><\/div><\/div>\n\n\n\n<div class=\"wp-block-gutenverse-column guten-element guten-column guten-Zsww4j\"><div class=\"guten-background-overlay\"><\/div><div class=\"sticky-wrapper\" data-id=\"Zsww4j\"><div class=\"guten-column-wrapper\">\n<div class=\"wp-block-columns are-vertically-aligned-top is-layout-flex wp-container-core-columns-is-layout-28f84493 wp-block-columns-is-layout-flex\">\n<div class=\"wp-block-column is-vertically-aligned-top is-layout-flow wp-block-column-is-layout-flow\" style=\"flex-basis:100%\">\n<div class=\"wp-block-gutenverse-image guten-element guten-image guten-DLJbZO\"><a class=\"guten-image-wrapper\"><img decoding=\"async\" class=\"gutenverse-image-box-filled\" src=\"https:\/\/qualitasas.com\/wp-content\/uploads\/2023\/05\/IMG-1271-scaled.jpg\" height=\"1920\" width=\"2560\"\/><\/a><\/div>\n<\/div>\n<\/div>\n<\/div><\/div><\/div>\n<\/div><\/section><\/div>\n","protected":false},"excerpt":{"rendered":"","protected":false},"author":1,"featured_media":0,"parent":0,"menu_order":0,"comment_status":"closed","ping_status":"closed","template":"","meta":{"_eb_attr":"","footnotes":""},"class_list":["post-476","page","type-page","status-publish","hentry"],"_links":{"self":[{"href":"https:\/\/qualitasas.com\/index.php\/wp-json\/wp\/v2\/pages\/476","targetHints":{"allow":["GET"]}}],"collection":[{"href":"https:\/\/qualitasas.com\/index.php\/wp-json\/wp\/v2\/pages"}],"about":[{"href":"https:\/\/qualitasas.com\/index.php\/wp-json\/wp\/v2\/types\/page"}],"author":[{"embeddable":true,"href":"https:\/\/qualitasas.com\/index.php\/wp-json\/wp\/v2\/users\/1"}],"replies":[{"embeddable":true,"href":"https:\/\/qualitasas.com\/index.php\/wp-json\/wp\/v2\/comments?post=476"}],"version-history":[{"count":57,"href":"https:\/\/qualitasas.com\/index.php\/wp-json\/wp\/v2\/pages\/476\/revisions"}],"predecessor-version":[{"id":1401,"href":"https:\/\/qualitasas.com\/index.php\/wp-json\/wp\/v2\/pages\/476\/revisions\/1401"}],"wp:attachment":[{"href":"https:\/\/qualitasas.com\/index.php\/wp-json\/wp\/v2\/media?parent=476"}],"curies":[{"name":"wp","href":"https:\/\/api.w.org\/{rel}","templated":true}]}}