{"id":71,"date":"2023-03-29T17:24:23","date_gmt":"2023-03-29T22:24:23","guid":{"rendered":"https:\/\/qualitasas.com\/?page_id=71"},"modified":"2025-06-06T17:30:22","modified_gmt":"2025-06-06T22:30:22","slug":"nosotros","status":"publish","type":"page","link":"https:\/\/qualitasas.com\/index.php\/nosotros\/","title":{"rendered":"Nosotros"},"content":{"rendered":"\n<div class=\"section-wrapper\" data-id=\"iqrm55\"><section class=\"wp-block-gutenverse-section guten-element guten-section guten-iqrm55 layout-boxed align-stretch\"><div class=\"guten-background-overlay\"><\/div><div class=\"guten-shape-divider guten-shape-divider-top\"><\/div><div class=\"guten-shape-divider guten-shape-divider-bottom\"><\/div><div class=\"guten-container guten-column-gap-narrow\">\n<div class=\"wp-block-gutenverse-column guten-element guten-column guten-oYK3NJ animated guten-element-hide desktop-slideInUp\"><div class=\"guten-background-overlay\"><\/div><div class=\"sticky-wrapper\" data-id=\"oYK3NJ\"><div class=\"guten-column-wrapper\">\n<h2 class=\"wp-block-gutenverse-heading guten-element guten-JFp8qn\">Misi\u00f3n <\/h2>\n\n\n\n<div class=\"guten-element gutenverse-text-editor guten-DbGJRK\"><div class=\"text-content-inner\">\n<p style=\"font-style:normal;font-weight:600\">Pertenecemos a los sectores educativo y de la salud, desarrollamos y prestamos servicios que propenden por el bienestar integral y funcional de los usuarios por medio de valoraci\u00f3n, atenci\u00f3n, seguimiento y acompa\u00f1amiento en todas nuestras l\u00edneas de acci\u00f3n, contando con un talento competente y un ejercicio humanizado mediante las pr\u00e1cticas responsables, respetuosas, equitativas y solidarias que nos definen.<\/p>\n<\/div><\/div>\n<\/div><\/div><\/div>\n\n\n\n<div class=\"wp-block-gutenverse-column guten-element guten-column guten-GOzAVQ\"><div class=\"guten-background-overlay\"><\/div><div class=\"sticky-wrapper\" data-id=\"GOzAVQ\"><div class=\"guten-column-wrapper\"><\/div><\/div><\/div>\n\n\n\n<div class=\"wp-block-gutenverse-column guten-element guten-column guten-XtStsw animated guten-element-hide desktop-slideInUp\"><div class=\"guten-background-overlay\"><\/div><div class=\"sticky-wrapper\" data-id=\"XtStsw\"><div class=\"guten-column-wrapper\">\n<h2 class=\"wp-block-gutenverse-heading guten-element guten-TouzDc\">Visi\u00f3n <\/h2>\n\n\n\n<div class=\"guten-element gutenverse-text-editor guten-IgTzIq\"><div class=\"text-content-inner\">\n<p style=\"font-style:normal;font-weight:600\">En el 2025 queremos ser el primer centro de salud mental especializado en el Magdalena Medio, con un Sistema de Gesti\u00f3n Integral riguroso y efectivo, as\u00ed como tambi\u00e9n con l\u00edneas de acci\u00f3n orientadas a la investigaci\u00f3n y cobertura de los sectores educativo y de la salud, buscando un posicionamiento y reconocimiento de m\u00e1s del 80% en la regi\u00f3n por aportar al desarrollo funcional de sus usuarios con un talento humano con altas cualidades profesionales y humanas que apalanca las oportunidades de expansi\u00f3n nacional.<\/p>\n<\/div><\/div>\n\n\n\n<div class=\"guten-element gutenverse-text-editor guten-JMtYHF\"><div class=\"text-content-inner\"><\/div><\/div>\n<\/div><\/div><\/div>\n<\/div><\/section><\/div>\n\n\n\n<div class=\"wp-block-gutenverse-divider guten-element guten-divider guten-YhvjuI\"><div class=\"guten-divider-wrapper\"><div class=\"guten-divider-default guten-divider-line guten-divider-regular\"><\/div><\/div><\/div>\n\n\n\n<h2 class=\"wp-block-gutenverse-heading guten-element guten-PIMxTf\">Nuestro equipo de trabajo<\/h2>\n\n\n\n<div class=\"section-wrapper\" data-id=\"dgJORN\"><section class=\"wp-block-gutenverse-section guten-element guten-section guten-dgJORN animated guten-element-hide desktop-fadeInLeft layout-boxed align-stretch\"><div class=\"guten-background-overlay\"><\/div><div class=\"guten-shape-divider guten-shape-divider-top\"><\/div><div class=\"guten-shape-divider guten-shape-divider-bottom\"><\/div><div class=\"guten-container guten-column-gap-default\">\n<div class=\"wp-block-gutenverse-column guten-element guten-column guten-h3elSP\"><div class=\"guten-background-overlay\"><\/div><div class=\"sticky-wrapper\" data-id=\"h3elSP\"><div class=\"guten-column-wrapper\">\n<div class=\"wp-block-gutenverse-image guten-element guten-image guten-19PMk9\"><a class=\"guten-image-wrapper\"><img decoding=\"async\" class=\"gutenverse-image-box-filled\" src=\"https:\/\/qualitasas.com\/wp-content\/uploads\/2024\/05\/WhatsApp-Image-2024-05-29-at-11.04.20-AM.jpeg\" height=\"548\" width=\"548\"\/><\/a><\/div>\n<\/div><\/div><\/div>\n\n\n\n<div class=\"wp-block-gutenverse-column guten-element guten-column guten-PNcX6R\"><div class=\"guten-background-overlay\"><\/div><div class=\"sticky-wrapper\" data-id=\"PNcX6R\"><div class=\"guten-column-wrapper\">\n<h2 class=\"wp-block-gutenverse-heading guten-element guten-ghnjnF\">Gerente general<\/h2>\n\n\n\n<div class=\"guten-element gutenverse-text-editor guten-z7bP6D\"><div class=\"text-content-inner\">\n<p class=\"has-text-align-center\"><strong>Eliana Angarita Julio<\/strong><\/p>\n<\/div><\/div>\n\n\n\n<div class=\"guten-element gutenverse-text-editor guten-E1qhAZ\"><div class=\"text-content-inner\">\n<p><em>&#8220;Propendemos por el bienestar y la funcionalidad del ser humano en el \u00e1mbito personal, familiar, escolar, social y laboral&#8221;<\/em><\/p>\n<\/div><\/div>\n<\/div><\/div><\/div>\n<\/div><\/section><\/div>\n\n\n\n<div class=\"wp-block-gutenverse-divider guten-element guten-divider guten-G4zTN8\"><div class=\"guten-divider-wrapper\"><div class=\"guten-divider-default guten-divider-line guten-divider-regular\"><\/div><\/div><\/div>\n\n\n\n<div class=\"section-wrapper\" data-id=\"UWgZeA\"><section class=\"wp-block-gutenverse-section guten-element guten-section guten-UWgZeA animated guten-element-hide desktop-fadeInRight layout-boxed align-stretch\"><div class=\"guten-background-overlay\"><\/div><div class=\"guten-shape-divider guten-shape-divider-top\"><\/div><div class=\"guten-shape-divider guten-shape-divider-bottom\"><\/div><div class=\"guten-container guten-column-gap-default\">\n<div class=\"wp-block-gutenverse-column guten-element guten-column guten-vtXJzN\"><div class=\"guten-background-overlay\"><\/div><div class=\"sticky-wrapper\" data-id=\"vtXJzN\"><div class=\"guten-column-wrapper\">\n<h2 class=\"wp-block-gutenverse-heading guten-element guten-vfq4cc\">Director Psicolog\u00eda<\/h2>\n\n\n\n<div class=\"guten-element gutenverse-text-editor guten-6qu1xH\"><div class=\"text-content-inner\">\n<p class=\"has-text-align-center\"><strong>Marquin Manuel Matute <\/strong><\/p>\n<\/div><\/div>\n\n\n\n<div class=\"guten-element gutenverse-text-editor guten-kBdAws\"><div class=\"text-content-inner\">\n<p><em>&#8220;No puedes controlar todas las circunstancias de la vida, pero puedes controlar c\u00f3mo respondes a ellas.&#8221;<\/em><\/p>\n<\/div><\/div>\n<\/div><\/div><\/div>\n\n\n\n<div class=\"wp-block-gutenverse-column guten-element guten-column guten-g4FMcw\"><div class=\"guten-background-overlay\"><\/div><div class=\"sticky-wrapper\" data-id=\"g4FMcw\"><div class=\"guten-column-wrapper\">\n<div class=\"wp-block-gutenverse-image guten-element guten-image guten-i0Kegw\"><a class=\"guten-image-wrapper\"><img decoding=\"async\" class=\"gutenverse-image-box-filled\" src=\"https:\/\/qualitasas.com\/wp-content\/uploads\/2024\/05\/324669730_522613606601208_5626349150197756147_n.jpg\" height=\"1200\" width=\"1599\"\/><\/a><\/div>\n<\/div><\/div><\/div>\n<\/div><\/section><\/div>\n\n\n\n<div class=\"wp-block-gutenverse-divider guten-element guten-divider guten-9U77OR\"><div class=\"guten-divider-wrapper\"><div class=\"guten-divider-default guten-divider-line guten-divider-regular\"><\/div><\/div><\/div>\n\n\n\n<div class=\"section-wrapper\" data-id=\"lRkil3\"><section class=\"wp-block-gutenverse-section guten-element guten-section guten-lRkil3 animated guten-element-hide desktop-fadeInLeft layout-boxed align-stretch\"><div class=\"guten-background-overlay\"><\/div><div class=\"guten-shape-divider guten-shape-divider-top\"><\/div><div class=\"guten-shape-divider guten-shape-divider-bottom\"><\/div><div class=\"guten-container guten-column-gap-default\">\n<div class=\"wp-block-gutenverse-column guten-element guten-column guten-hCLULw\"><div class=\"guten-background-overlay\"><\/div><div class=\"sticky-wrapper\" data-id=\"hCLULw\"><div class=\"guten-column-wrapper\">\n<div class=\"wp-block-gutenverse-image guten-element guten-image guten-GXzFeB\"><a class=\"guten-image-wrapper\"><img decoding=\"async\" class=\"gutenverse-image-box-filled\" src=\"https:\/\/qualitasas.com\/wp-content\/uploads\/2024\/05\/WhatsApp-Image-2024-05-29-at-3.25.16-PM-1.jpeg\" height=\"1600\" width=\"737\"\/><\/a><\/div>\n<\/div><\/div><\/div>\n\n\n\n<div class=\"wp-block-gutenverse-column guten-element guten-column guten-yXRnKi\"><div class=\"guten-background-overlay\"><\/div><div class=\"sticky-wrapper\" data-id=\"yXRnKi\"><div class=\"guten-column-wrapper\">\n<h2 class=\"wp-block-gutenverse-heading guten-element guten-5KhBjZ\">Administrador financiero<\/h2>\n\n\n\n<div class=\"guten-element gutenverse-text-editor guten-WsM5NB\"><div class=\"text-content-inner\">\n<p class=\"has-text-align-center\"><strong>Alison Zulima<\/strong> <strong>Caballero L\u00f3pez<\/strong><\/p>\n<\/div><\/div>\n\n\n\n<div class=\"guten-element gutenverse-text-editor guten-uKuNHR\"><div class=\"text-content-inner\">\n<p><em>&#8220;El autocuidado no es ego\u00edsmo, es una inversi\u00f3n en tu bienestar mental y emocional.&#8221;<\/em><\/p>\n<\/div><\/div>\n<\/div><\/div><\/div>\n<\/div><\/section><\/div>\n\n\n\n<div class=\"wp-block-gutenverse-divider guten-element guten-divider guten-HRVWiC\"><div class=\"guten-divider-wrapper\"><div class=\"guten-divider-default guten-divider-line guten-divider-regular\"><\/div><\/div><\/div>\n\n\n\n<div class=\"section-wrapper\" data-id=\"ddhk0t\"><section class=\"wp-block-gutenverse-section guten-element guten-section guten-ddhk0t animated guten-element-hide desktop-fadeInRight layout-boxed align-stretch\"><div class=\"guten-background-overlay\"><\/div><div class=\"guten-shape-divider guten-shape-divider-top\"><\/div><div class=\"guten-shape-divider guten-shape-divider-bottom\"><\/div><div class=\"guten-container guten-column-gap-default\">\n<div class=\"wp-block-gutenverse-column guten-element guten-column guten-FP0OOX\"><div class=\"guten-background-overlay\"><\/div><div class=\"sticky-wrapper\" data-id=\"FP0OOX\"><div class=\"guten-column-wrapper\">\n<h2 class=\"wp-block-gutenverse-heading guten-element guten-N2BAyO\">Directora de Instituto<\/h2>\n\n\n\n<div class=\"guten-element gutenverse-text-editor guten-X9SvSq\"><div class=\"text-content-inner\">\n<p class=\"has-text-align-center\"><strong>Francis Montenegro<\/strong><\/p>\n<\/div><\/div>\n\n\n\n<div class=\"guten-element gutenverse-text-editor guten-UMdKwO\"><div class=\"text-content-inner\">\n<p>&#8220;En el Instituto Qualita, creemos que la verdadera inclusi\u00f3n en la educaci\u00f3n enriquece a todos. Cada estudiante, con sus habilidades y talentos \u00fanicos, tiene el poder de transformar y ser transformado por la comunidad educativa. Juntos, construimos un futuro donde la diversidad es nuestra mayor fortaleza.&#8221;<\/p>\n<\/div><\/div>\n<\/div><\/div><\/div>\n\n\n\n<div class=\"wp-block-gutenverse-column guten-element guten-column guten-psMYsG\"><div class=\"guten-background-overlay\"><\/div><div class=\"sticky-wrapper\" data-id=\"psMYsG\"><div class=\"guten-column-wrapper\">\n<div class=\"wp-block-gutenverse-image guten-element guten-image guten-pKNwSo\"><a class=\"guten-image-wrapper\"><img decoding=\"async\" class=\"gutenverse-image-box-filled\" src=\"https:\/\/qualitasas.com\/wp-content\/uploads\/2024\/05\/WhatsApp_Image_2024-05-29_at_11.18.24_AM-removebg-preview.png\" height=\"200\" width=\"167\"\/><\/a><\/div>\n<\/div><\/div><\/div>\n<\/div><\/section><\/div>\n\n\n\n<div class=\"wp-block-gutenverse-divider guten-element guten-divider guten-LIpBY5\"><div class=\"guten-divider-wrapper\"><div class=\"guten-divider-default guten-divider-line guten-divider-regular\"><\/div><\/div><\/div>\n\n\n\n<div class=\"section-wrapper\" data-id=\"7ZS38K\"><section class=\"wp-block-gutenverse-section guten-element guten-section guten-7ZS38K animated guten-element-hide desktop-fadeInLeft layout-boxed align-stretch\"><div class=\"guten-background-overlay\"><\/div><div class=\"guten-shape-divider guten-shape-divider-top\"><\/div><div class=\"guten-shape-divider guten-shape-divider-bottom\"><\/div><div class=\"guten-container guten-column-gap-default\">\n<div class=\"wp-block-gutenverse-column guten-element guten-column guten-Sk7cR5\"><div class=\"guten-background-overlay\"><\/div><div class=\"sticky-wrapper\" data-id=\"Sk7cR5\"><div class=\"guten-column-wrapper\">\n<div class=\"wp-block-gutenverse-image guten-element guten-image guten-yr5uXz\"><a class=\"guten-image-wrapper\"><img decoding=\"async\" class=\"gutenverse-image-box-filled\" src=\"https:\/\/qualitasas.com\/wp-content\/uploads\/2024\/05\/13726810_10206280017575794_3107736481505989573_n-removebg-preview.png\" height=\"501\" width=\"498\"\/><\/a><\/div>\n<\/div><\/div><\/div>\n\n\n\n<div class=\"wp-block-gutenverse-column guten-element guten-column guten-LofOzO\"><div class=\"guten-background-overlay\"><\/div><div class=\"sticky-wrapper\" data-id=\"LofOzO\"><div class=\"guten-column-wrapper\">\n<h2 class=\"wp-block-gutenverse-heading guten-element guten-p0foRB\">Directora IPS<\/h2>\n\n\n\n<div class=\"guten-element gutenverse-text-editor guten-hkOuQ5\"><div class=\"text-content-inner\">\n<p class=\"has-text-align-center\"><strong>Ivy Contreras<\/strong><\/p>\n<\/div><\/div>\n\n\n\n<div class=\"guten-element gutenverse-text-editor guten-TqglVM\"><div class=\"text-content-inner\">\n<p>&#8220;El bienestar mental no es solo la ausencia de trastornos, sino la presencia de h\u00e1bitos saludables que nutren nuestra mente y esp\u00edritu. En Qualita IPS, creemos en el poder de la atenci\u00f3n integral para lograr una vida plena y equilibrada.&#8221;<\/p>\n<\/div><\/div>\n<\/div><\/div><\/div>\n<\/div><\/section><\/div>\n\n\n\n<div class=\"wp-block-gutenverse-divider guten-element guten-divider guten-2OlWiS\"><div class=\"guten-divider-wrapper\"><div class=\"guten-divider-default guten-divider-line guten-divider-regular\"><\/div><\/div><\/div>\n\n\n\n<h2 class=\"wp-block-gutenverse-heading guten-element guten-kWbYKZ\">Nuestros convenios<\/h2>\n\n\n\n<p class=\"has-black-color has-text-color has-small-font-size\">En Qualita SAS, nos comprometemos a ofrecer soluciones innovadoras y de alta calidad que respondan a las necesidades de nuestros clientes y socios. Como parte de nuestra visi\u00f3n de crecimiento y colaboraci\u00f3n, hemos establecido una serie de convenios estrat\u00e9gicos con empresas, instituciones y organizaciones clave, con el fin de optimizar nuestros servicios y ofrecer un valor agregado.<\/p>\n\n\n\n<p class=\"has-black-color has-text-color has-small-font-size\">A trav\u00e9s de estos convenios, buscamos fortalecer nuestras relaciones comerciales, expandir nuestras capacidades y brindar a nuestros clientes beneficios exclusivos y condiciones preferenciales. A continuaci\u00f3n, detallamos los principales convenios que actualmente manejamos, los cuales nos permiten seguir avanzando hacia la excelencia y satisfacci\u00f3n de quienes conf\u00edan en nosotros.<\/p>\n\n\n\n<p><\/p>\n","protected":false},"excerpt":{"rendered":"<p>En Qualita SAS, nos comprometemos a ofrecer soluciones innovadoras y de alta calidad que respondan a las necesidades de nuestros clientes y socios. Como parte de nuestra visi\u00f3n de crecimiento y colaboraci\u00f3n, hemos establecido una serie de convenios estrat\u00e9gicos con empresas, instituciones y organizaciones clave, con el fin de optimizar nuestros servicios y ofrecer un valor agregado. A trav\u00e9s de estos convenios, buscamos fortalecer nuestras relaciones comerciales, expandir nuestras capacidades y brindar a nuestros clientes beneficios exclusivos y condiciones preferenciales. A continuaci\u00f3n, detallamos los principales convenios que actualmente manejamos, los cuales nos permiten seguir avanzando hacia la excelencia y satisfacci\u00f3n<\/p>\n","protected":false},"author":1,"featured_media":0,"parent":0,"menu_order":0,"comment_status":"closed","ping_status":"closed","template":"","meta":{"_eb_attr":"","footnotes":""},"class_list":["post-71","page","type-page","status-publish","hentry"],"_links":{"self":[{"href":"https:\/\/qualitasas.com\/index.php\/wp-json\/wp\/v2\/pages\/71","targetHints":{"allow":["GET"]}}],"collection":[{"href":"https:\/\/qualitasas.com\/index.php\/wp-json\/wp\/v2\/pages"}],"about":[{"href":"https:\/\/qualitasas.com\/index.php\/wp-json\/wp\/v2\/types\/page"}],"author":[{"embeddable":true,"href":"https:\/\/qualitasas.com\/index.php\/wp-json\/wp\/v2\/users\/1"}],"replies":[{"embeddable":true,"href":"https:\/\/qualitasas.com\/index.php\/wp-json\/wp\/v2\/comments?post=71"}],"version-history":[{"count":39,"href":"https:\/\/qualitasas.com\/index.php\/wp-json\/wp\/v2\/pages\/71\/revisions"}],"predecessor-version":[{"id":1406,"href":"https:\/\/qualitasas.com\/index.php\/wp-json\/wp\/v2\/pages\/71\/revisions\/1406"}],"wp:attachment":[{"href":"https:\/\/qualitasas.com\/index.php\/wp-json\/wp\/v2\/media?parent=71"}],"curies":[{"name":"wp","href":"https:\/\/api.w.org\/{rel}","templated":true}]}}